{"id":14275,"date":"2022-10-25T12:03:19","date_gmt":"2022-10-25T12:03:19","guid":{"rendered":"https:\/\/iriarte.e2w.es\/?page_id=14275"},"modified":"2024-03-15T14:58:43","modified_gmt":"2024-03-15T14:58:43","slug":"angela-garcia","status":"publish","type":"page","link":"https:\/\/www.iriarteuniversidad.es\/en\/iriarte\/faculty\/angela-garcia\/","title":{"rendered":"\u00c1ngela Garc\u00eda"},"content":{"rendered":"[et_pb_section fb_built=&#8221;1&#8243; admin_label=&#8221;00_seccion_sub_menu_gris&#8221; module_class=&#8221;contenedor-menu-gris&#8221; _builder_version=&#8221;4.22.2&#8243; background_color=&#8221;#5d5d5f&#8221; custom_padding=&#8221;0px||0px||false|false&#8221; animation_style=&#8221;fade&#8221; animation_direction=&#8221;bottom&#8221; global_module=&#8221;23829&#8243; saved_tabs=&#8221;all&#8221; collapsed=&#8221;on&#8221; global_colors_info=&#8221;{}&#8221;][et_pb_row _builder_version=&#8221;4.16&#8243; _module_preset=&#8221;default&#8221; custom_padding=&#8221;6px||3px|||&#8221; global_colors_info=&#8221;{}&#8221;][et_pb_column type=&#8221;4_4&#8243; _builder_version=&#8221;4.16&#8243; _module_preset=&#8221;default&#8221; global_colors_info=&#8221;{}&#8221;][et_pb_menu menu_id=&#8221;10&#8243; active_link_color=&#8221;#000000&#8243; dropdown_menu_bg_color=&#8221;#FFFFFF&#8221; mobile_menu_bg_color=&#8221;#FFFFFF&#8221; _builder_version=&#8221;4.23.1&#8243; _module_preset=&#8221;default&#8221; menu_font=&#8221;|300||on|||||&#8221; menu_text_color=&#8221;rgba(255,255,255,0.91)&#8221; menu_font_size=&#8221;12px&#8221; menu_letter_spacing=&#8221;1.1px&#8221; background_enable_color=&#8221;off&#8221; text_orientation=&#8221;right&#8221; custom_padding=&#8221;1px||1px||true|false&#8221; menu_text_color_tablet=&#8221;#000000&#8243; menu_text_color_phone=&#8221;#000000&#8243; menu_text_color_last_edited=&#8221;on|phone&#8221; global_colors_info=&#8221;{}&#8221;][\/et_pb_menu][\/et_pb_column][\/et_pb_row][\/et_pb_section][et_pb_section fb_built=&#8221;1&#8243; custom_padding_last_edited=&#8221;on|phone&#8221; disabled_on=&#8221;off|off|off&#8221; _builder_version=&#8221;4.16&#8243; background_color=&#8221;#ffffff&#8221; custom_padding=&#8221;83px||83px||true|false&#8221; custom_padding_tablet=&#8221;30px||30px||false|false&#8221; custom_padding_phone=&#8221;50px||30px||false|false&#8221; global_colors_info=&#8221;{}&#8221;][et_pb_row column_structure=&#8221;3_4,1_4&#8243; _builder_version=&#8221;4.16&#8243; max_width=&#8221;1366px&#8221; animation_style=&#8221;slide&#8221; animation_direction=&#8221;bottom&#8221; global_colors_info=&#8221;{}&#8221;][et_pb_column type=&#8221;3_4&#8243; _builder_version=&#8221;4.16&#8243; global_colors_info=&#8221;{}&#8221;][et_pb_text _builder_version=&#8221;4.16&#8243; header_font=&#8221;Montserrat|800|||||||&#8221; header_font_size=&#8221;3.55vw&#8221; header_2_font=&#8221;Montserrat|800|||||||&#8221; header_2_font_size=&#8221;84px&#8221; header_font_size_tablet=&#8221;50px&#8221; header_font_size_phone=&#8221;33px&#8221; header_font_size_last_edited=&#8221;on|phone&#8221; header_2_font_size_tablet=&#8221;51px&#8221; header_2_font_size_phone=&#8221;35px&#8221; header_2_font_size_last_edited=&#8221;on|phone&#8221; global_colors_info=&#8221;{}&#8221;]\n<div class=\"breadcrumbs\"><span><span><a href=\"https:\/\/www.iriarteuniversidad.es\/en\/\">Home<\/a><\/span><\/span><\/div>\n<h2>\u00c1NGELA<br \/>GARC\u00cdA<\/h2>\n[\/et_pb_text][\/et_pb_column][et_pb_column type=&#8221;1_4&#8243; _builder_version=&#8221;4.16&#8243; global_colors_info=&#8221;{}&#8221;][\/et_pb_column][\/et_pb_row][\/et_pb_section][et_pb_section fb_built=&#8221;1&#8243; _builder_version=&#8221;4.16&#8243; _module_preset=&#8221;default&#8221; background_color=&#8221;#f6f6f7&#8243; custom_padding=&#8221;92px|||||&#8221; global_colors_info=&#8221;{}&#8221;][et_pb_row column_structure=&#8221;3_4,1_4&#8243; disabled_on=&#8221;on|on|off&#8221; _builder_version=&#8221;4.16&#8243; _module_preset=&#8221;default&#8221; max_width=&#8221;1366px&#8221; global_colors_info=&#8221;{}&#8221;][et_pb_column type=&#8221;3_4&#8243; _builder_version=&#8221;4.16&#8243; _module_preset=&#8221;default&#8221; global_colors_info=&#8221;{}&#8221;][et_pb_text _builder_version=&#8221;4.23.1&#8243; _module_preset=&#8221;default&#8221; text_font=&#8221;Roboto Condensed||||||||&#8221; text_text_color=&#8221;#727274&#8243; text_font_size=&#8221;22px&#8221; text_line_height=&#8221;1.6em&#8221; header_3_font=&#8221;|800||on|||||&#8221; header_3_font_size=&#8221;27px&#8221; text_font_size_tablet=&#8221;18px&#8221; text_font_size_phone=&#8221;16px&#8221; text_font_size_last_edited=&#8221;on|phone&#8221; global_colors_info=&#8221;{}&#8221;]\n<p>\u00c1ngela has a degree in Tourism from the University of La Laguna and is an Official Tourist Guide of the Canary Islands.<\/p>\n<p>&nbsp;<\/p>\n<p>She is technical manager of the tourism area of the Town Hall of Buenavista del Norte, responsible for the tourist office of that town and member of the Tourist Information Offices Network of Tenerife INFOTEN.<\/p>\n<p>&nbsp;<\/p>\n<p>&nbsp;<\/p>\n<h3>Professional Experience<\/h3>\n<p>&nbsp;<\/p>\n<p>\u2022\u00a0Technical manager of the tourism area of the Town Hall of Buenavista del Norte.<\/p>\n<p>\u2022 Responsible for the tourist office of the Town Hall of Buenavista del Norte.<\/p>\n<p>\u2022 Local guide-interpreter.<\/p>\n<p>\u2022 Official tourist guide of the Government of the Canary Islands.<\/p>\n<p>\u2022 Member of the Tenerife Tourist Information Offices Network INFOTEN.<\/p>\n<p>\u2022 Tourist informer at the Centro Dinamizador de los Recursos del Parque Rural de Teno &#8220;La Venta&#8221; of the<br \/>Teno &#8220;La Venta&#8221; of the nature tourism agency El Card\u00f3n NaturExperience.<\/p>\n<p>\u2022 Technical advisor in the design of tourist itineraries, tourist promotion, visitor service and heritage-cultural and tourist dynamization.<\/p>\n<p>\u2022 Municipal technical coordinator of the national and international youth tourism programs of Work Camps of the Canary Islands Government.<\/p>\n<p>\u2022 Municipal technical coordinator of the Cultural Heritage and Tourism Conference of Buenavista del Norte.<\/p>\n<p>\u2022 Promoter and coordinator of the inclusive leisure project &lt;&lt;Buenavista Diversa. Paths for inclusion&gt;&gt;.<\/p>\n<p>&nbsp;<\/p>\n<p>&nbsp;<\/p>\n<h3>Academic experience<\/h3>\n<p>&nbsp;<\/p>\n<p>\u2022\u00a0She has been a member of the research team of the Project &#8220;Society and archaeological heritage. Recovery of the archaeological landscape of the municipality of Buenavista del Norte (Tenerife, Canary Islands) in rural and urban environments (PARQ-BVISTA 2018-2020).<\/p>\n<p>\u2022 Teaching-professional functions in the framework of the field trips of the Master in Tourism Management and Planning of the University of La Laguna.<\/p>\n<p>\u2022 Teaching-professional functions within the framework of the field trips of the Master in Local Development and Territorial Innovation of the University of Alicante.<\/p>\n<p>\u2022 Teaching-professional functions in the classroom for the Master of Use and Management of Heritage of the University of La Laguna.<\/p>\n<p>\u2022 Teaching-professional functions in the classroom for the Tourism Degree of the University of La Laguna.<\/p>\n<p>\u2022 Teaching-professional functions in the classroom for different degrees of the European University of the Canary Islands.<\/p>\n<p>\u2022 Teaching-professional duties in the classroom for the Tourism Degree of the School of Tourism of Santa Cruz.<\/p>\n<p>\u2022 Teaching-professional functions in the classroom for the PFAE G.J. (Training Programs in Alternation with Employment).<\/p>\n<p>\u2022 Communications in different editions of the Thematic Hiking Seminar coordinated by the Cultural Tourism Classroom of the University of La Laguna.<\/p>\n<p>\u2022 Communications in different editions of the Conference on Cultural Heritage and Tourism of Buenavista del Norte.<\/p>\n<p>\u2022 Participation as lecturer in the project &lt;&lt;Buenavista Diversa. Pathways for inclusion&gt;&gt; in the III International Congress on Education and Accessibility in Museums and Heritage: &#8220;Accessibility and inclusion in cultural and natural heritage tourism&#8221;, held at the Archaeological Museum (MARQ) of Alicante.<\/p>\n<p>\u2022 Participation as a lecturer in the project &lt;&lt;Buenavista Diversa. Pathways for inclusion&gt;&gt; at the International Congress &#8220;The museum for all people: art, accessibility and social inclusion&#8221; in Madrid, obtaining the MUSACCES 2019 Award, in the category of &#8216;Challenges for the society of the 21st century&#8217;, convened by the MUSACCES Consortium (Universidad Complutense de Madrid (UCM), Universidad Nacional de Educaci\u00f3n a Distancia (UNED) and Universidad Aut\u00f3noma de Madrid (UAM), with the collaboration of the Museo del Prado and other companies and institutions.<\/p>\n<p>&nbsp;<\/p>\n<p>&nbsp;<\/p>\n<h3>ACADEMIC EDUCATION<\/h3>\n<p>&nbsp;<\/p>\n<p>\u2022\u00a0Diploma in Tourism from the University of La Laguna.<\/p>\n<p>\u2022 Official Tourist Guide of the Canary Islands.<\/p>\n<p>\u2022 Course of accreditation of knowledge to work in the Teide National Park.<\/p>\n<p>\u2022 Numerous courses related to the tourism and cultural sector.<\/p>\n<p>&nbsp;<\/p>\n<p>&nbsp;<\/p>\n<h3>LATEST PUBLICATIONS<\/h3>\n<p>&nbsp;<\/p>\n<p>\u2022\u00a0Garc\u00eda Herrera, A., P\u00e9rez Gonz\u00e1lez, E., Castillo Mena, A., Stendardi, D., Garc\u00eda Cruz, J.I., Ferrer Rom\u00e1n, E., Ch\u00e1vez \u00c1lvarez M\u00aa. E.&amp; Cruz Gonz\u00e1lez, A. (2019) &#8220;Social perception and community participation as management strategies for the cultural landscape of the Caser\u00edo de Masca (Buenavista del Norte, Tenerife)&#8221;. Cuaderniu Journal, 7, pp 117-143.<\/p>\n<p>\u2022 Garc\u00eda Herrera, A. (2019) &#8220;Buenavista Diversa. Pathways for inclusion.&#8221; Book of abstracts of the International Congress The Museum for all people: art, accessibility and social integration, p 69.<\/p>\n<p>\u2022 Garc\u00eda Herrera, A. (2018). &#8220;Buenavista Diversa. Pathways for inclusion.&#8221; Proceedings of the 3rd International Congress Education and accessibility in museums and heritage, pp 199-202.<\/p>\n[\/et_pb_text][\/et_pb_column][et_pb_column type=&#8221;1_4&#8243; _builder_version=&#8221;4.16&#8243; _module_preset=&#8221;default&#8221; global_colors_info=&#8221;{}&#8221;][et_pb_blurb title=&#8221;\u00c1NGELA GARC\u00cdA&#8221; image=&#8221;https:\/\/www.iriarteuniversidad.es\/en\/wp-content\/uploads\/2022\/10\/ANGELA-GARCIA.jpg&#8221; image_icon_width=&#8221;67%&#8221; icon_alignment=&#8221;left&#8221; image_icon_width_tablet=&#8221;43%&#8221; image_icon_width_phone=&#8221;43%&#8221; image_icon_width_last_edited=&#8221;on|tablet&#8221; icon_alignment_tablet=&#8221;center&#8221; icon_alignment_phone=&#8221;center&#8221; icon_alignment_last_edited=&#8221;on|tablet&#8221; _builder_version=&#8221;4.16&#8243; _module_preset=&#8221;default&#8221; header_font=&#8221;Old Standard TT||||||||&#8221; header_font_size=&#8221;20px&#8221; body_font=&#8221;Old Standard TT||||||||&#8221; body_font_size=&#8221;19px&#8221; module_alignment=&#8221;center&#8221; header_font_size_tablet=&#8221;&#8221; header_font_size_phone=&#8221;&#8221; header_font_size_last_edited=&#8221;on|tablet&#8221; body_font_size_tablet=&#8221;18px&#8221; body_font_size_phone=&#8221;16px&#8221; body_font_size_last_edited=&#8221;on|tablet&#8221; text_orientation_tablet=&#8221;center&#8221; text_orientation_phone=&#8221;center&#8221; text_orientation_last_edited=&#8221;on|tablet&#8221; border_radii_image=&#8221;on|300px|300px|300px|300px&#8221; image_max_width=&#8221;67%&#8221; image_max_width_tablet=&#8221;43%&#8221; image_max_width_phone=&#8221;&#8221; image_max_width_last_edited=&#8221;on|tablet&#8221; global_colors_info=&#8221;{}&#8221;]\n<p>angelagarcia@iriarteuniversidad.es<\/p>\n[\/et_pb_blurb][et_pb_divider color=&#8221;#88278d&#8221; divider_weight=&#8221;7px&#8221; _builder_version=&#8221;4.16&#8243; _module_preset=&#8221;default&#8221; width=&#8221;23%&#8221; width_tablet=&#8221;16%&#8221; width_phone=&#8221;17%&#8221; width_last_edited=&#8221;on|tablet&#8221; max_width=&#8221;61%&#8221; custom_margin=&#8221;-8px||||false|false&#8221; module_alignment_tablet=&#8221;center&#8221; module_alignment_phone=&#8221;&#8221; module_alignment_last_edited=&#8221;on|tablet&#8221; global_colors_info=&#8221;{}&#8221;][\/et_pb_divider][et_pb_text _builder_version=&#8221;4.23.1&#8243; _module_preset=&#8221;default&#8221; text_font=&#8221;Old Standard TT||||||||&#8221; text_font_size=&#8221;22px&#8221; header_4_font=&#8221;|800|||||||&#8221; header_4_font_size=&#8221;21px&#8221; custom_margin=&#8221;-15px||||false|false&#8221; text_orientation_tablet=&#8221;center&#8221; text_orientation_phone=&#8221;&#8221; text_orientation_last_edited=&#8221;on|phone&#8221; global_colors_info=&#8221;{}&#8221;]\n<h4>AREA OF KNOWLEDGE<\/h4>\n<p>Geography and History<\/p>\n[\/et_pb_text][\/et_pb_column][\/et_pb_row][et_pb_row column_structure=&#8221;1_4,3_4&#8243; disabled_on=&#8221;off|off|on&#8221; _builder_version=&#8221;4.16&#8243; _module_preset=&#8221;default&#8221; max_width=&#8221;1366px&#8221; global_colors_info=&#8221;{}&#8221;][et_pb_column type=&#8221;1_4&#8243; _builder_version=&#8221;4.16&#8243; _module_preset=&#8221;default&#8221; global_colors_info=&#8221;{}&#8221;][et_pb_blurb title=&#8221;\u00c1NGELA GARC\u00cdA&#8221; image=&#8221;https:\/\/www.iriarteuniversidad.es\/en\/wp-content\/uploads\/2022\/10\/ANGELA-GARCIA.jpg&#8221; image_icon_width=&#8221;67%&#8221; icon_alignment=&#8221;left&#8221; image_icon_width_tablet=&#8221;43%&#8221; image_icon_width_phone=&#8221;43%&#8221; image_icon_width_last_edited=&#8221;on|tablet&#8221; icon_alignment_tablet=&#8221;center&#8221; icon_alignment_phone=&#8221;center&#8221; icon_alignment_last_edited=&#8221;on|tablet&#8221; _builder_version=&#8221;4.16&#8243; _module_preset=&#8221;default&#8221; header_font=&#8221;Old Standard TT||||||||&#8221; header_font_size=&#8221;20px&#8221; body_font=&#8221;Old Standard TT||||||||&#8221; body_font_size=&#8221;19px&#8221; body_line_height=&#8221;1.3em&#8221; module_alignment=&#8221;center&#8221; header_font_size_tablet=&#8221;&#8221; header_font_size_phone=&#8221;&#8221; header_font_size_last_edited=&#8221;on|tablet&#8221; body_font_size_tablet=&#8221;18px&#8221; body_font_size_phone=&#8221;16px&#8221; body_font_size_last_edited=&#8221;on|tablet&#8221; text_orientation_tablet=&#8221;center&#8221; text_orientation_phone=&#8221;center&#8221; text_orientation_last_edited=&#8221;on|tablet&#8221; border_radii_image=&#8221;on|300px|300px|300px|300px&#8221; image_max_width=&#8221;67%&#8221; image_max_width_tablet=&#8221;43%&#8221; image_max_width_phone=&#8221;&#8221; image_max_width_last_edited=&#8221;on|tablet&#8221; global_colors_info=&#8221;{}&#8221;]\n<p>angelagarcia@iriarteuniversidad.es<\/p>\n[\/et_pb_blurb][et_pb_divider color=&#8221;#88278d&#8221; divider_weight=&#8221;7px&#8221; _builder_version=&#8221;4.16&#8243; _module_preset=&#8221;default&#8221; width=&#8221;23%&#8221; width_tablet=&#8221;16%&#8221; width_phone=&#8221;17%&#8221; width_last_edited=&#8221;on|tablet&#8221; max_width=&#8221;61%&#8221; custom_margin=&#8221;-8px||||false|false&#8221; module_alignment_tablet=&#8221;center&#8221; module_alignment_phone=&#8221;&#8221; module_alignment_last_edited=&#8221;on|tablet&#8221; global_colors_info=&#8221;{}&#8221;][\/et_pb_divider][et_pb_text _builder_version=&#8221;4.23.1&#8243; _module_preset=&#8221;default&#8221; text_font=&#8221;Old Standard TT||||||||&#8221; text_font_size=&#8221;19px&#8221; header_4_font=&#8221;|800|||||||&#8221; header_4_font_size=&#8221;19px&#8221; custom_margin=&#8221;-15px||||false|false&#8221; text_orientation_tablet=&#8221;center&#8221; text_orientation_phone=&#8221;&#8221; text_orientation_last_edited=&#8221;on|phone&#8221; global_colors_info=&#8221;{}&#8221;]\n<h4>AREA OF KNOWLEDGE<\/h4>\n<p>Geography and History<\/p>\n[\/et_pb_text][\/et_pb_column][et_pb_column type=&#8221;3_4&#8243; _builder_version=&#8221;4.16&#8243; _module_preset=&#8221;default&#8221; global_colors_info=&#8221;{}&#8221;][et_pb_text _builder_version=&#8221;4.23.1&#8243; _module_preset=&#8221;default&#8221; text_font=&#8221;Roboto Condensed||||||||&#8221; text_text_color=&#8221;#727274&#8243; text_font_size=&#8221;24px&#8221; text_line_height=&#8221;1.6em&#8221; header_3_font=&#8221;|800||on|||||&#8221; header_3_font_size=&#8221;27px&#8221; custom_margin=&#8221;50px||||false|false&#8221; text_font_size_tablet=&#8221;18px&#8221; text_font_size_phone=&#8221;16px&#8221; text_font_size_last_edited=&#8221;on|phone&#8221; global_colors_info=&#8221;{}&#8221;]\n<p>\u00c1ngela has a degree in Tourism from the University of La Laguna and is an Official Tourist Guide of the Canary Islands.<\/p>\n<p>&nbsp;<\/p>\n<p>She is technical manager of the tourism area of the Town Hall of Buenavista del Norte, responsible for the tourist office of that town and member of the Tourist Information Offices Network of Tenerife INFOTEN.<\/p>\n<p>&nbsp;<\/p>\n<p>&nbsp;<\/p>\n<h3>Professional Experience<\/h3>\n<p>&nbsp;<\/p>\n<p>\u2022\u00a0Technical manager of the tourism area of the Town Hall of Buenavista del Norte.<\/p>\n<p>\u2022 Responsible for the tourist office of the Town Hall of Buenavista del Norte.<\/p>\n<p>\u2022 Local guide-interpreter.<\/p>\n<p>\u2022 Official tourist guide of the Government of the Canary Islands.<\/p>\n<p>\u2022 Member of the Tenerife Tourist Information Offices Network INFOTEN.<\/p>\n<p>\u2022 Tourist informer at the Centro Dinamizador de los Recursos del Parque Rural de Teno &#8220;La Venta&#8221; of the<br \/>Teno &#8220;La Venta&#8221; of the nature tourism agency El Card\u00f3n NaturExperience.<\/p>\n<p>\u2022 Technical advisor in the design of tourist itineraries, tourist promotion, visitor service and heritage-cultural and tourist dynamization.<\/p>\n<p>\u2022 Municipal technical coordinator of the national and international youth tourism programs of Work Camps of the Canary Islands Government.<\/p>\n<p>\u2022 Municipal technical coordinator of the Cultural Heritage and Tourism Conference of Buenavista del Norte.<\/p>\n<p>\u2022 Promoter and coordinator of the inclusive leisure project &lt;&lt;Buenavista Diversa. Paths for inclusion&gt;&gt;.<\/p>\n<p>&nbsp;<\/p>\n<p>&nbsp;<\/p>\n<h3>Academic experience<\/h3>\n<p>&nbsp;<\/p>\n<p>\u2022\u00a0She has been a member of the research team of the Project &#8220;Society and archaeological heritage. Recovery of the archaeological landscape of the municipality of Buenavista del Norte (Tenerife, Canary Islands) in rural and urban environments (PARQ-BVISTA 2018-2020).<\/p>\n<p>\u2022 Teaching-professional functions in the framework of the field trips of the Master in Tourism Management and Planning of the University of La Laguna.<\/p>\n<p>\u2022 Teaching-professional functions within the framework of the field trips of the Master in Local Development and Territorial Innovation of the University of Alicante.<\/p>\n<p>\u2022 Teaching-professional functions in the classroom for the Master of Use and Management of Heritage of the University of La Laguna.<\/p>\n<p>\u2022 Teaching-professional functions in the classroom for the Tourism Degree of the University of La Laguna.<\/p>\n<p>\u2022 Teaching-professional functions in the classroom for different degrees of the European University of the Canary Islands.<\/p>\n<p>\u2022 Teaching-professional duties in the classroom for the Tourism Degree of the School of Tourism of Santa Cruz.<\/p>\n<p>\u2022 Teaching-professional functions in the classroom for the PFAE G.J. (Training Programs in Alternation with Employment).<\/p>\n<p>\u2022 Communications in different editions of the Thematic Hiking Seminar coordinated by the Cultural Tourism Classroom of the University of La Laguna.<\/p>\n<p>\u2022 Communications in different editions of the Conference on Cultural Heritage and Tourism of Buenavista del Norte.<\/p>\n<p>\u2022 Participation as lecturer in the project &lt;&lt;Buenavista Diversa. Pathways for inclusion&gt;&gt; in the III International Congress on Education and Accessibility in Museums and Heritage: &#8220;Accessibility and inclusion in cultural and natural heritage tourism&#8221;, held at the Archaeological Museum (MARQ) of Alicante.<\/p>\n<p>\u2022 Participation as a lecturer in the project &lt;&lt;Buenavista Diversa. Pathways for inclusion&gt;&gt; at the International Congress &#8220;The museum for all people: art, accessibility and social inclusion&#8221; in Madrid, obtaining the MUSACCES 2019 Award, in the category of &#8216;Challenges for the society of the 21st century&#8217;, convened by the MUSACCES Consortium (Universidad Complutense de Madrid (UCM), Universidad Nacional de Educaci\u00f3n a Distancia (UNED) and Universidad Aut\u00f3noma de Madrid (UAM), with the collaboration of the Museo del Prado and other companies and institutions.<\/p>\n<p>&nbsp;<\/p>\n<p>&nbsp;<\/p>\n<h3>ACADEMIC EDUCATION<\/h3>\n<p>&nbsp;<\/p>\n<p>\u2022\u00a0Diploma in Tourism from the University of La Laguna.<\/p>\n<p>\u2022 Official Tourist Guide of the Canary Islands.<\/p>\n<p>\u2022 Course of accreditation of knowledge to work in the Teide National Park.<\/p>\n<p>\u2022 Numerous courses related to the tourism and cultural sector.<\/p>\n<p>&nbsp;<\/p>\n<p>&nbsp;<\/p>\n<h3>LATEST PUBLICATIONS<\/h3>\n<p>&nbsp;<\/p>\n<p>\u2022\u00a0Garc\u00eda Herrera, A., P\u00e9rez Gonz\u00e1lez, E., Castillo Mena, A., Stendardi, D., Garc\u00eda Cruz, J.I., Ferrer Rom\u00e1n, E., Ch\u00e1vez \u00c1lvarez M\u00aa. E.&amp; Cruz Gonz\u00e1lez, A. (2019) &#8220;Social perception and community participation as management strategies for the cultural landscape of the Caser\u00edo de Masca (Buenavista del Norte, Tenerife)&#8221;. Cuaderniu Journal, 7, pp 117-143.<\/p>\n<p>\u2022 Garc\u00eda Herrera, A. (2019) &#8220;Buenavista Diversa. Pathways for inclusion.&#8221; Book of abstracts of the International Congress The Museum for all people: art, accessibility and social integration, p 69.<\/p>\n<p>\u2022 Garc\u00eda Herrera, A. (2018). &#8220;Buenavista Diversa. Pathways for inclusion.&#8221; Proceedings of the 3rd International Congress Education and accessibility in museums and heritage, pp 199-202.<\/p>\n[\/et_pb_text][\/et_pb_column][\/et_pb_row][\/et_pb_section][et_pb_section fb_built=&#8221;1&#8243; _builder_version=&#8221;4.16&#8243; background_enable_color=&#8221;off&#8221; custom_padding=&#8221;111px||111px||true|&#8221; border_width_top=&#8221;1px&#8221; border_color_top=&#8221;#e2e2e2&#8243; global_colors_info=&#8221;{}&#8221;][et_pb_row _builder_version=&#8221;4.16&#8243; width=&#8221;85%&#8221; custom_padding=&#8221;5px||10px|||&#8221; animation_style=&#8221;slide&#8221; animation_direction=&#8221;right&#8221; global_colors_info=&#8221;{}&#8221;][et_pb_column type=&#8221;4_4&#8243; _builder_version=&#8221;4.16&#8243; global_colors_info=&#8221;{}&#8221;][et_pb_text _builder_version=&#8221;4.23.1&#8243; header_font=&#8221;|800|||||||&#8221; header_text_color=&#8221;#333333&#8243; header_font_size=&#8221;2.2vw&#8221; header_letter_spacing=&#8221;1px&#8221; header_line_height=&#8221;1.2em&#8221; header_2_font=&#8221;|800|||||||&#8221; header_2_font_size=&#8221;2.2vw&#8221; header_text_align_tablet=&#8221;&#8221; header_text_align_phone=&#8221;center&#8221; header_text_align_last_edited=&#8221;on|desktop&#8221; header_font_size_tablet=&#8221;36px&#8221; header_font_size_phone=&#8221;28px&#8221; header_font_size_last_edited=&#8221;on|phone&#8221; header_2_font_size_tablet=&#8221;43px&#8221; header_2_font_size_phone=&#8221;35px&#8221; header_2_font_size_last_edited=&#8221;on|desktop&#8221; global_colors_info=&#8221;{}&#8221;]\n<h2>DISCOVER MORE<\/h2>\n[\/et_pb_text][\/et_pb_column][\/et_pb_row][et_pb_row column_structure=&#8221;1_3,1_3,1_3&#8243; use_custom_gutter=&#8221;on&#8221; gutter_width=&#8221;2&#8243; _builder_version=&#8221;4.16&#8243; width=&#8221;85%&#8221; custom_padding=&#8221;58px||0px|||&#8221; animation_style=&#8221;slide&#8221; animation_direction=&#8221;bottom&#8221; global_colors_info=&#8221;{}&#8221;][et_pb_column type=&#8221;1_3&#8243; _builder_version=&#8221;4.16&#8243; global_colors_info=&#8221;{}&#8221;][et_pb_blurb title=&#8221;RESEARCH&#8221; image=&#8221;https:\/\/www.iriarteuniversidad.es\/en\/wp-content\/uploads\/2021\/01\/FOTO-REVISTA-TURSIMO.jpg&#8221; content_max_width=&#8221;630px&#8221; _builder_version=&#8221;4.23.1&#8243; header_font=&#8221;|800||on|||||&#8221; header_font_size=&#8221;18px&#8221; header_line_height=&#8221;1.3em&#8221; body_font=&#8221;Old Standard TT||||||||&#8221; body_font_size=&#8221;18px&#8221; body_line_height=&#8221;1.6em&#8221; header_font_size_tablet=&#8221;&#8221; header_font_size_phone=&#8221;&#8221; header_font_size_last_edited=&#8221;on|tablet&#8221; header_line_height_tablet=&#8221;1.3em&#8221; header_line_height_phone=&#8221;1.3em&#8221; header_line_height_last_edited=&#8221;on|tablet&#8221; body_font_size_tablet=&#8221;&#8221; body_font_size_phone=&#8221;&#8221; body_font_size_last_edited=&#8221;on|desktop&#8221; global_colors_info=&#8221;{}&#8221;]\n<p>Tourism: journal of tourism research and studies of the Canary Islands and Macaronesia.<\/p>\n<p>&nbsp;<\/p>\n<h6><a href=\"https:\/\/www.iriarteuniversidad.es\/en\/investigacion\/\" target=\"_blank\" rel=\"noopener\"><span style=\"font-size: 12px; color: #9d065f; font-family: Loew; font-weight: 800;\">GO NOW<\/span><\/a><\/h6>\n[\/et_pb_blurb][\/et_pb_column][et_pb_column type=&#8221;1_3&#8243; _builder_version=&#8221;4.16&#8243; global_colors_info=&#8221;{}&#8221;][et_pb_blurb title=&#8221;WORK WITH US&#8221; image=&#8221;https:\/\/www.iriarteuniversidad.es\/en\/wp-content\/uploads\/2024\/03\/TCN3-PEQ.jpg&#8221; content_max_width=&#8221;630px&#8221; _builder_version=&#8221;4.24.2&#8243; header_font=&#8221;|800||on|||||&#8221; header_font_size=&#8221;18px&#8221; header_line_height=&#8221;1.3em&#8221; body_font=&#8221;Old Standard TT||||||||&#8221; body_font_size=&#8221;18px&#8221; body_line_height=&#8221;1.6em&#8221; hover_enabled=&#8221;0&#8243; header_font_size_tablet=&#8221;&#8221; header_font_size_phone=&#8221;&#8221; header_font_size_last_edited=&#8221;on|tablet&#8221; header_line_height_tablet=&#8221;1.3em&#8221; header_line_height_phone=&#8221;1.3em&#8221; header_line_height_last_edited=&#8221;on|tablet&#8221; body_font_size_tablet=&#8221;&#8221; body_font_size_phone=&#8221;&#8221; body_font_size_last_edited=&#8221;on|desktop&#8221; global_colors_info=&#8221;{}&#8221; title_text=&#8221;TCN3-PEQ&#8221; sticky_enabled=&#8221;0&#8243;]\n<p>Work in an enriching environment where your initiative is highly valued and where you will be able to progress in your academic and professional career.<\/p>\n<p>&nbsp;<\/p>\n<h6><a href=\"mailto:carreras@iriarteuniversidad.net\"><span style=\"font-size: 12px; color: #9d065f; font-family: Loew; font-weight: 800;\">SEND US YOUR CV<\/span><\/a><\/h6>\n[\/et_pb_blurb][\/et_pb_column][et_pb_column type=&#8221;1_3&#8243; _builder_version=&#8221;4.16&#8243; global_colors_info=&#8221;{}&#8221;][et_pb_blurb title=&#8221;WELCOME TO IRIARTE&#8221; image=&#8221;https:\/\/www.iriarteuniversidad.es\/en\/wp-content\/uploads\/2024\/01\/TCN-PEQ.jpg&#8221; content_max_width=&#8221;630px&#8221; _builder_version=&#8221;4.24.2&#8243; header_font=&#8221;|800||on|||||&#8221; header_font_size=&#8221;18px&#8221; header_line_height=&#8221;1.3em&#8221; body_font=&#8221;Old Standard TT||||||||&#8221; body_font_size=&#8221;18px&#8221; body_line_height=&#8221;1.6em&#8221; hover_enabled=&#8221;0&#8243; header_font_size_tablet=&#8221;&#8221; header_font_size_phone=&#8221;&#8221; header_font_size_last_edited=&#8221;on|tablet&#8221; header_line_height_tablet=&#8221;1.3em&#8221; header_line_height_phone=&#8221;1.3em&#8221; header_line_height_last_edited=&#8221;on|tablet&#8221; body_font_size_tablet=&#8221;&#8221; body_font_size_phone=&#8221;&#8221; body_font_size_last_edited=&#8221;on|desktop&#8221; global_colors_info=&#8221;{}&#8221; title_text=&#8221;TCN-PEQ&#8221; sticky_enabled=&#8221;0&#8243;]\n<p>You will be able to find all the information you need to start the admission process.<\/p>\n<p>&nbsp;<\/p>\n<h6><a href=\"https:\/\/www.iriarteuniversidad.es\/en\/admission\/welcome-to-iriarte\/\"><span style=\"font-size: 12px; color: #9d065f; font-family: Loew; font-weight: 800;\">GO NOW<\/span><\/a><\/h6>\n[\/et_pb_blurb][\/et_pb_column][\/et_pb_row][\/et_pb_section]\n","protected":false},"excerpt":{"rendered":"<p><span><span><a href=\"https:\/\/www.iriarteuniversidad.es\/en\/\">Home<\/a><\/span><\/span> \u00c1NGELAGARC\u00cdA\u00c1ngela has a degree in Tourism from the University of La Laguna and is an Official Tourist Guide of the Canary Islands. &nbsp; She is technical manager of the tourism area of the Town Hall of Buenavista del Norte, responsible for the tourist office of that town and member of the Tourist Information Offices [&hellip;]<\/p>\n","protected":false},"author":2,"featured_media":0,"parent":1979,"menu_order":0,"comment_status":"closed","ping_status":"closed","template":"","meta":{"_acf_changed":false,"_et_pb_use_builder":"on","_et_pb_old_content":"","_et_gb_content_width":"","_joinchat":[],"footnotes":""},"difl_page_category":[],"class_list":["post-14275","page","type-page","status-publish","hentry"],"acf":[],"yoast_head":"<!-- This site is optimized with the Yoast SEO plugin v27.4 - https:\/\/yoast.com\/product\/yoast-seo-wordpress\/ -->\n<title>\u00c1ngela Garc\u00eda - Iriarte International University College<\/title>\n<meta name=\"description\" content=\"Train yourself in Tourism and Business Management - Iriarte International\" \/>\n<meta name=\"robots\" content=\"index, follow, max-snippet:-1, max-image-preview:large, max-video-preview:-1\" \/>\n<link rel=\"canonical\" href=\"https:\/\/www.iriarteuniversidad.es\/en\/iriarte\/faculty\/angela-garcia\/\" \/>\n<meta property=\"og:locale\" content=\"en_US\" \/>\n<meta property=\"og:type\" content=\"article\" \/>\n<meta property=\"og:title\" content=\"\u00c1ngela Garc\u00eda - Iriarte International University College\" \/>\n<meta property=\"og:description\" content=\"Train yourself in Tourism and Business Management - Iriarte International\" \/>\n<meta property=\"og:url\" content=\"https:\/\/www.iriarteuniversidad.es\/en\/iriarte\/faculty\/angela-garcia\/\" \/>\n<meta property=\"og:site_name\" content=\"Iriarte International University College\" \/>\n<meta property=\"article:publisher\" content=\"https:\/\/www.facebook.com\/EscueladeTurismoIriarte\" \/>\n<meta property=\"article:modified_time\" content=\"2024-03-15T14:58:43+00:00\" \/>\n<meta property=\"og:image\" content=\"https:\/\/www.iriarteuniversidad.es\/en\/wp-content\/uploads\/2024\/02\/iriarteuniversidad.jpg\" \/>\n\t<meta property=\"og:image:width\" content=\"1200\" \/>\n\t<meta property=\"og:image:height\" content=\"675\" \/>\n\t<meta property=\"og:image:type\" content=\"image\/jpeg\" \/>\n<meta name=\"twitter:card\" content=\"summary_large_image\" \/>\n<meta name=\"twitter:label1\" content=\"Est. reading time\" \/>\n\t<meta name=\"twitter:data1\" content=\"9 minutes\" \/>\n<script type=\"application\/ld+json\" class=\"yoast-schema-graph\">{\"@context\":\"https:\\\/\\\/schema.org\",\"@graph\":[{\"@type\":\"WebPage\",\"@id\":\"https:\\\/\\\/www.iriarteuniversidad.es\\\/en\\\/iriarte\\\/faculty\\\/angela-garcia\\\/\",\"url\":\"https:\\\/\\\/www.iriarteuniversidad.es\\\/en\\\/iriarte\\\/faculty\\\/angela-garcia\\\/\",\"name\":\"\u00c1ngela Garc\u00eda - Iriarte International University College\",\"isPartOf\":{\"@id\":\"https:\\\/\\\/www.iriarteuniversidad.es\\\/en\\\/#website\"},\"datePublished\":\"2022-10-25T12:03:19+00:00\",\"dateModified\":\"2024-03-15T14:58:43+00:00\",\"description\":\"Train yourself in Tourism and Business Management - Iriarte International\",\"breadcrumb\":{\"@id\":\"https:\\\/\\\/www.iriarteuniversidad.es\\\/en\\\/iriarte\\\/faculty\\\/angela-garcia\\\/#breadcrumb\"},\"inLanguage\":\"en-US\",\"potentialAction\":[{\"@type\":\"ReadAction\",\"target\":[\"https:\\\/\\\/www.iriarteuniversidad.es\\\/en\\\/iriarte\\\/faculty\\\/angela-garcia\\\/\"]}]},{\"@type\":\"BreadcrumbList\",\"@id\":\"https:\\\/\\\/www.iriarteuniversidad.es\\\/en\\\/iriarte\\\/faculty\\\/angela-garcia\\\/#breadcrumb\",\"itemListElement\":[{\"@type\":\"ListItem\",\"position\":1,\"name\":\"Home\",\"item\":\"https:\\\/\\\/www.iriarteuniversidad.es\\\/en\\\/\"},{\"@type\":\"ListItem\",\"position\":2,\"name\":\"Iriarte\"},{\"@type\":\"ListItem\",\"position\":3,\"name\":\"Faculty\",\"item\":\"https:\\\/\\\/www.iriarteuniversidad.es\\\/en\\\/iriarte\\\/faculty\\\/\"},{\"@type\":\"ListItem\",\"position\":4,\"name\":\"\u00c1ngela Garc\u00eda\"}]},{\"@type\":\"WebSite\",\"@id\":\"https:\\\/\\\/www.iriarteuniversidad.es\\\/en\\\/#website\",\"url\":\"https:\\\/\\\/www.iriarteuniversidad.es\\\/en\\\/\",\"name\":\"Iriarte International University College\",\"description\":\"Study, travel and work. EXCHANGE STUDIES. Information for students from our partner universities who want to study as an exchange student at Iriarte University College\",\"publisher\":{\"@id\":\"https:\\\/\\\/www.iriarteuniversidad.es\\\/en\\\/#organization\"},\"potentialAction\":[{\"@type\":\"SearchAction\",\"target\":{\"@type\":\"EntryPoint\",\"urlTemplate\":\"https:\\\/\\\/www.iriarteuniversidad.es\\\/en\\\/?s={search_term_string}\"},\"query-input\":{\"@type\":\"PropertyValueSpecification\",\"valueRequired\":true,\"valueName\":\"search_term_string\"}}],\"inLanguage\":\"en-US\"},{\"@type\":\"Organization\",\"@id\":\"https:\\\/\\\/www.iriarteuniversidad.es\\\/en\\\/#organization\",\"name\":\"Iriarte International University College\",\"url\":\"https:\\\/\\\/www.iriarteuniversidad.es\\\/en\\\/\",\"logo\":{\"@type\":\"ImageObject\",\"inLanguage\":\"en-US\",\"@id\":\"https:\\\/\\\/www.iriarteuniversidad.es\\\/en\\\/#\\\/schema\\\/logo\\\/image\\\/\",\"url\":\"https:\\\/\\\/www.iriarteuniversidad.es\\\/en\\\/wp-content\\\/uploads\\\/2020\\\/02\\\/iriarte-logo_EN.jpg\",\"contentUrl\":\"https:\\\/\\\/www.iriarteuniversidad.es\\\/en\\\/wp-content\\\/uploads\\\/2020\\\/02\\\/iriarte-logo_EN.jpg\",\"width\":698,\"height\":82,\"caption\":\"Iriarte International University College\"},\"image\":{\"@id\":\"https:\\\/\\\/www.iriarteuniversidad.es\\\/en\\\/#\\\/schema\\\/logo\\\/image\\\/\"},\"sameAs\":[\"https:\\\/\\\/www.facebook.com\\\/EscueladeTurismoIriarte\",\"https:\\\/\\\/www.instagram.com\\\/iriarteuniversity\\\/\"]}]}<\/script>\n<!-- \/ Yoast SEO plugin. -->","yoast_head_json":{"title":"\u00c1ngela Garc\u00eda - Iriarte International University College","description":"Train yourself in Tourism and Business Management - Iriarte International","robots":{"index":"index","follow":"follow","max-snippet":"max-snippet:-1","max-image-preview":"max-image-preview:large","max-video-preview":"max-video-preview:-1"},"canonical":"https:\/\/www.iriarteuniversidad.es\/en\/iriarte\/faculty\/angela-garcia\/","og_locale":"en_US","og_type":"article","og_title":"\u00c1ngela Garc\u00eda - Iriarte International University College","og_description":"Train yourself in Tourism and Business Management - Iriarte International","og_url":"https:\/\/www.iriarteuniversidad.es\/en\/iriarte\/faculty\/angela-garcia\/","og_site_name":"Iriarte International University College","article_publisher":"https:\/\/www.facebook.com\/EscueladeTurismoIriarte","article_modified_time":"2024-03-15T14:58:43+00:00","og_image":[{"width":1200,"height":675,"url":"https:\/\/www.iriarteuniversidad.es\/en\/wp-content\/uploads\/2024\/02\/iriarteuniversidad.jpg","type":"image\/jpeg"}],"twitter_card":"summary_large_image","twitter_misc":{"Est. reading time":"9 minutes"},"schema":{"@context":"https:\/\/schema.org","@graph":[{"@type":"WebPage","@id":"https:\/\/www.iriarteuniversidad.es\/en\/iriarte\/faculty\/angela-garcia\/","url":"https:\/\/www.iriarteuniversidad.es\/en\/iriarte\/faculty\/angela-garcia\/","name":"\u00c1ngela Garc\u00eda - Iriarte International University College","isPartOf":{"@id":"https:\/\/www.iriarteuniversidad.es\/en\/#website"},"datePublished":"2022-10-25T12:03:19+00:00","dateModified":"2024-03-15T14:58:43+00:00","description":"Train yourself in Tourism and Business Management - Iriarte International","breadcrumb":{"@id":"https:\/\/www.iriarteuniversidad.es\/en\/iriarte\/faculty\/angela-garcia\/#breadcrumb"},"inLanguage":"en-US","potentialAction":[{"@type":"ReadAction","target":["https:\/\/www.iriarteuniversidad.es\/en\/iriarte\/faculty\/angela-garcia\/"]}]},{"@type":"BreadcrumbList","@id":"https:\/\/www.iriarteuniversidad.es\/en\/iriarte\/faculty\/angela-garcia\/#breadcrumb","itemListElement":[{"@type":"ListItem","position":1,"name":"Home","item":"https:\/\/www.iriarteuniversidad.es\/en\/"},{"@type":"ListItem","position":2,"name":"Iriarte"},{"@type":"ListItem","position":3,"name":"Faculty","item":"https:\/\/www.iriarteuniversidad.es\/en\/iriarte\/faculty\/"},{"@type":"ListItem","position":4,"name":"\u00c1ngela Garc\u00eda"}]},{"@type":"WebSite","@id":"https:\/\/www.iriarteuniversidad.es\/en\/#website","url":"https:\/\/www.iriarteuniversidad.es\/en\/","name":"Iriarte International University College","description":"Study, travel and work. EXCHANGE STUDIES. Information for students from our partner universities who want to study as an exchange student at Iriarte University College","publisher":{"@id":"https:\/\/www.iriarteuniversidad.es\/en\/#organization"},"potentialAction":[{"@type":"SearchAction","target":{"@type":"EntryPoint","urlTemplate":"https:\/\/www.iriarteuniversidad.es\/en\/?s={search_term_string}"},"query-input":{"@type":"PropertyValueSpecification","valueRequired":true,"valueName":"search_term_string"}}],"inLanguage":"en-US"},{"@type":"Organization","@id":"https:\/\/www.iriarteuniversidad.es\/en\/#organization","name":"Iriarte International University College","url":"https:\/\/www.iriarteuniversidad.es\/en\/","logo":{"@type":"ImageObject","inLanguage":"en-US","@id":"https:\/\/www.iriarteuniversidad.es\/en\/#\/schema\/logo\/image\/","url":"https:\/\/www.iriarteuniversidad.es\/en\/wp-content\/uploads\/2020\/02\/iriarte-logo_EN.jpg","contentUrl":"https:\/\/www.iriarteuniversidad.es\/en\/wp-content\/uploads\/2020\/02\/iriarte-logo_EN.jpg","width":698,"height":82,"caption":"Iriarte International University College"},"image":{"@id":"https:\/\/www.iriarteuniversidad.es\/en\/#\/schema\/logo\/image\/"},"sameAs":["https:\/\/www.facebook.com\/EscueladeTurismoIriarte","https:\/\/www.instagram.com\/iriarteuniversity\/"]}]}},"_links":{"self":[{"href":"https:\/\/www.iriarteuniversidad.es\/en\/wp-json\/wp\/v2\/pages\/14275","targetHints":{"allow":["GET"]}}],"collection":[{"href":"https:\/\/www.iriarteuniversidad.es\/en\/wp-json\/wp\/v2\/pages"}],"about":[{"href":"https:\/\/www.iriarteuniversidad.es\/en\/wp-json\/wp\/v2\/types\/page"}],"author":[{"embeddable":true,"href":"https:\/\/www.iriarteuniversidad.es\/en\/wp-json\/wp\/v2\/users\/2"}],"replies":[{"embeddable":true,"href":"https:\/\/www.iriarteuniversidad.es\/en\/wp-json\/wp\/v2\/comments?post=14275"}],"version-history":[{"count":2,"href":"https:\/\/www.iriarteuniversidad.es\/en\/wp-json\/wp\/v2\/pages\/14275\/revisions"}],"predecessor-version":[{"id":29588,"href":"https:\/\/www.iriarteuniversidad.es\/en\/wp-json\/wp\/v2\/pages\/14275\/revisions\/29588"}],"up":[{"embeddable":true,"href":"https:\/\/www.iriarteuniversidad.es\/en\/wp-json\/wp\/v2\/pages\/1979"}],"wp:attachment":[{"href":"https:\/\/www.iriarteuniversidad.es\/en\/wp-json\/wp\/v2\/media?parent=14275"}],"wp:term":[{"taxonomy":"difl_page_category","embeddable":true,"href":"https:\/\/www.iriarteuniversidad.es\/en\/wp-json\/wp\/v2\/difl_page_category?post=14275"}],"curies":[{"name":"wp","href":"https:\/\/api.w.org\/{rel}","templated":true}]}}